{"id":47124,"date":"2025-03-23T14:12:18","date_gmt":"2025-03-23T14:12:18","guid":{"rendered":"https:\/\/moma.cymru\/?post_type=tribe_events&#038;p=47124"},"modified":"2025-08-04T16:28:05","modified_gmt":"2025-08-04T15:28:05","slug":"festival-finale-2025","status":"publish","type":"tribe_events","link":"https:\/\/moma.cymru\/en\/e\/festival-finale-2025\/","title":{"rendered":"Festival Finale!"},"content":{"rendered":"<p>Following the success of last year&#8217;s\u00a0finale event, we again celebrate the end of the festival by bringing the worlds of classical and Welsh music together. Join us for an afternoon of song featuring Festival Director Julius Drake and some of the best Welsh singing talent<\/p>\n<p>Concert includes:<br \/>\n<span style=\"text-decoration: underline;\">Ralph Vaughan Williams<\/span> &#8216;The Vagabond&#8217;<br \/>\n<span style=\"text-decoration: underline;\">John Ireland<\/span> &#8216;Great Things&#8217;<br \/>\n<span style=\"text-decoration: underline;\">Giacomo Puccini<\/span> &#8216;O mio babbino Caro&#8217; from &#8216;Gianni Schicchi&#8217;<br \/>\n<span style=\"text-decoration: underline;\">Richard Strauss II<\/span> Laughing Song from &#8216;Die Fledermaus&#8217;<br \/>\n<span style=\"text-decoration: underline;\">Wolfgang Amadeus Mozart<\/span> &#8216;Madamina, il catalogo \u00e8 questo&#8217; from &#8216;Don Giovanni&#8217;<br \/>\n<span style=\"text-decoration: underline;\">Wolfgang Amadeus Mozart<\/span> Papageno &amp; Papagena duet from &#8216;The Magic Flute&#8217;<br \/>\n<span style=\"text-decoration: underline;\">Georges Bizet<\/span> Pearlfishers Duet from &#8216;The Pearl Fishers<\/p>\n<p>Plus arrangements of traditional and contemporary Welsh songs performed by C\u00f4r Bro Meirion and soloists, including &#8216;Yn Llygad y Llew&#8217; and &#8216;Mae&#8217;r S\u00ear yn Canu&#8217; from &#8216;Atgof o&#8217;r S\u00ear&#8217;, &#8216;Migldi Magldi&#8217; &amp; more.<\/p>\n<p style=\"font-weight: 400;\"><span style=\"text-decoration: underline;\">Rhian Lois<\/span>\u00a0soprano<br \/>\n<span style=\"text-decoration: underline;\">Gwyn Hughes Jones<\/span>\u00a0tenor<br \/>\n<span style=\"text-decoration: underline;\">Paul Carey Jones<\/span>\u00a0baritone<br \/>\n<span style=\"text-decoration: underline;\">Julius Drake<\/span>\u00a0piano<br \/>\n<span style=\"text-decoration: underline;\">Aleksandra Myslek<\/span> piano<\/p>\n<p style=\"font-weight: 400;\"><span style=\"text-decoration: underline;\">C\u00f4r Bro Meirion<br \/>\n<\/span><span style=\"text-decoration: underline;\">Iwan Wyn Parry<\/span>\u00a0conductor<br \/>\n<span style=\"text-decoration: underline;\">Huw Davies<\/span>\u00a0piano<\/p>\n","protected":false},"excerpt":{"rendered":"<p>Following the success of last year&#8217;s\u00a0finale event, we again celebrate the end of the festival by&#8230;<\/p>\n","protected":false},"author":2420,"featured_media":47125,"template":"","meta":{"_acf_changed":false,"_price":"","_stock":"","_tribe_ticket_header":"","_tribe_default_ticket_provider":"Tribe__Tickets_Plus__Commerce__WooCommerce__Main","_ticket_start_date":"","_ticket_end_date":"","_tribe_ticket_show_description":"","_tribe_ticket_show_not_going":false,"_tribe_ticket_use_global_stock":"1","_tribe_ticket_global_stock_level":"110","_global_stock_mode":"","_global_stock_cap":"","_tribe_rsvp_for_event":"","_tribe_ticket_going_count":"","_tribe_ticket_not_going_count":"","_tribe_tickets_list":"[{\"id\":47307,\"type\":\"default\",\"title\":\"Standard: Festival Finale\",\"description\":\"\",\"capacityType\":\"global\",\"price\":24,\"capacity\":200,\"available\":109,\"sharedCapacity\":200,\"sold\":71,\"shareSold\":71,\"isShared\":true,\"currencyDecimalPoint\":\".\",\"currencyNumberOfDecimals\":2,\"currencyPosition\":\"prefix\",\"currencySymbol\":\"\\u00a3\",\"currencyThousandsSep\":\",\"},{\"id\":47308,\"type\":\"default\",\"title\":\"Friend: Festival Finale\",\"description\":\"\",\"capacityType\":\"global\",\"price\":22,\"capacity\":200,\"available\":109,\"sharedCapacity\":200,\"sold\":16,\"shareSold\":16,\"isShared\":true,\"currencyDecimalPoint\":\".\",\"currencyNumberOfDecimals\":2,\"currencyPosition\":\"prefix\",\"currencySymbol\":\"\\u00a3\",\"currencyThousandsSep\":\",\"},{\"id\":47309,\"type\":\"default\",\"title\":\"Student: Festival Finale\",\"description\":\"\",\"capacityType\":\"global\",\"price\":10,\"capacity\":200,\"available\":109,\"sharedCapacity\":200,\"sold\":0,\"shareSold\":0,\"isShared\":true,\"currencyDecimalPoint\":\".\",\"currencyNumberOfDecimals\":2,\"currencyPosition\":\"prefix\",\"currencySymbol\":\"\\u00a3\",\"currencyThousandsSep\":\",\"},{\"id\":47446,\"type\":\"default\",\"title\":\"Child (u18): Festival Finale\",\"description\":\"\",\"capacityType\":\"global\",\"price\":0,\"capacity\":200,\"available\":109,\"sharedCapacity\":200,\"sold\":2,\"shareSold\":2,\"isShared\":true,\"currencyDecimalPoint\":\".\",\"currencyNumberOfDecimals\":2,\"currencyPosition\":\"prefix\",\"currencySymbol\":\"\\u00a3\",\"currencyThousandsSep\":\",\"}]","_tribe_ticket_has_attendee_info_fields":false,"_tribe_events_status":"","_tribe_events_status_reason":"","footnotes":"","_tec_slr_enabled":"","_tec_slr_layout":""},"tags":[],"tribe_events_cat":[355,359],"class_list":["post-47124","tribe_events","type-tribe_events","status-publish","has-post-thumbnail","hentry","tribe_events_cat-concerts-and-events","tribe_events_cat-festival","cat_concerts-and-events","cat_festival"],"acf":[],"yoast_head":"<title>Festival Finale! - MOMA Machynlleth<\/title>\n<meta name=\"description\" content=\"A celebratory mix of Welsh and Classical music\" \/>\n<meta name=\"robots\" content=\"index, follow, max-snippet:-1, max-image-preview:large, max-video-preview:-1\" \/>\n<link rel=\"canonical\" href=\"https:\/\/moma.cymru\/en\/e\/festival-finale-2025\/\" \/>\n<meta property=\"og:locale\" content=\"en_GB\" \/>\n<meta property=\"og:type\" content=\"article\" \/>\n<meta property=\"og:title\" content=\"Festival Finale! - MOMA Machynlleth\" \/>\n<meta property=\"og:description\" content=\"A celebratory mix of Welsh and Classical music\" \/>\n<meta property=\"og:url\" content=\"https:\/\/moma.cymru\/en\/e\/festival-finale-2025\/\" \/>\n<meta property=\"og:site_name\" content=\"MOMA Machynlleth\" \/>\n<meta property=\"article:publisher\" content=\"https:\/\/www.facebook.com\/MOMAMachynlleth\" \/>\n<meta property=\"article:modified_time\" content=\"2025-08-04T15:28:05+00:00\" \/>\n<meta property=\"og:image\" content=\"https:\/\/cdn.moma.cymru\/wp-content\/uploads\/2025\/02\/17110103\/Rhian-Lois.jpg\" \/>\n\t<meta property=\"og:image:width\" content=\"1920\" \/>\n\t<meta property=\"og:image:height\" content=\"1080\" \/>\n\t<meta property=\"og:image:type\" content=\"image\/jpeg\" \/>\n<meta name=\"twitter:card\" content=\"summary_large_image\" \/>\n<meta name=\"twitter:site\" content=\"@momamachynlleth\" \/>\n<meta name=\"twitter:label1\" content=\"Estimated reading time\" \/>\n\t<meta name=\"twitter:data1\" content=\"1 minute\" \/>\n<script type=\"application\/ld+json\" class=\"yoast-schema-graph\">{\"@context\":\"https:\/\/schema.org\",\"@graph\":[{\"@type\":\"WebPage\",\"@id\":\"https:\/\/moma.cymru\/en\/e\/festival-finale-2025\/\",\"url\":\"https:\/\/moma.cymru\/en\/e\/festival-finale-2025\/\",\"name\":\"Festival Finale! - MOMA Machynlleth\",\"isPartOf\":{\"@id\":\"https:\/\/moma.cymru\/en\/#website\"},\"primaryImageOfPage\":{\"@id\":\"https:\/\/moma.cymru\/en\/e\/festival-finale-2025\/#primaryimage\"},\"image\":{\"@id\":\"https:\/\/moma.cymru\/en\/e\/festival-finale-2025\/#primaryimage\"},\"thumbnailUrl\":\"https:\/\/cdn.moma.cymru\/wp-content\/uploads\/2025\/02\/17110103\/Rhian-Lois.jpg\",\"datePublished\":\"2025-03-23T14:12:18+00:00\",\"dateModified\":\"2025-08-04T15:28:05+00:00\",\"description\":\"A celebratory mix of Welsh and Classical music\",\"breadcrumb\":{\"@id\":\"https:\/\/moma.cymru\/en\/e\/festival-finale-2025\/#breadcrumb\"},\"inLanguage\":\"en-GB\",\"potentialAction\":[{\"@type\":\"ReadAction\",\"target\":[\"https:\/\/moma.cymru\/en\/e\/festival-finale-2025\/\"]}]},{\"@type\":\"ImageObject\",\"inLanguage\":\"en-GB\",\"@id\":\"https:\/\/moma.cymru\/en\/e\/festival-finale-2025\/#primaryimage\",\"url\":\"https:\/\/cdn.moma.cymru\/wp-content\/uploads\/2025\/02\/17110103\/Rhian-Lois.jpg\",\"contentUrl\":\"https:\/\/cdn.moma.cymru\/wp-content\/uploads\/2025\/02\/17110103\/Rhian-Lois.jpg\",\"width\":1920,\"height\":1080},{\"@type\":\"BreadcrumbList\",\"@id\":\"https:\/\/moma.cymru\/en\/e\/festival-finale-2025\/#breadcrumb\",\"itemListElement\":[{\"@type\":\"ListItem\",\"position\":1,\"name\":\"Home\",\"item\":\"https:\/\/moma.cymru\/en\/\"},{\"@type\":\"ListItem\",\"position\":2,\"name\":\"Events\",\"item\":\"https:\/\/moma.cymru\/en\/e\/\"},{\"@type\":\"ListItem\",\"position\":3,\"name\":\"Festival Finale!\"}]},{\"@type\":\"WebSite\",\"@id\":\"https:\/\/moma.cymru\/en\/#website\",\"url\":\"https:\/\/moma.cymru\/en\/\",\"name\":\"MOMA Machynlleth\",\"description\":\"Seven exhibition galleries and a concert hall in a converted chapel\",\"publisher\":{\"@id\":\"https:\/\/moma.cymru\/en\/#organization\"},\"potentialAction\":[{\"@type\":\"SearchAction\",\"target\":{\"@type\":\"EntryPoint\",\"urlTemplate\":\"https:\/\/moma.cymru\/en\/?s={search_term_string}\"},\"query-input\":{\"@type\":\"PropertyValueSpecification\",\"valueRequired\":true,\"valueName\":\"search_term_string\"}}],\"inLanguage\":\"en-GB\"},{\"@type\":\"Organization\",\"@id\":\"https:\/\/moma.cymru\/en\/#organization\",\"name\":\"MOMA Machynlleth\",\"url\":\"https:\/\/moma.cymru\/en\/\",\"logo\":{\"@type\":\"ImageObject\",\"inLanguage\":\"en-GB\",\"@id\":\"https:\/\/moma.cymru\/en\/#\/schema\/logo\/image\/\",\"url\":\"https:\/\/cdn.moma.cymru\/wp-content\/uploads\/2021\/03\/07101132\/donation.png\",\"contentUrl\":\"https:\/\/cdn.moma.cymru\/wp-content\/uploads\/2021\/03\/07101132\/donation.png\",\"width\":1000,\"height\":1000,\"caption\":\"MOMA Machynlleth\"},\"image\":{\"@id\":\"https:\/\/moma.cymru\/en\/#\/schema\/logo\/image\/\"},\"sameAs\":[\"https:\/\/www.facebook.com\/MOMAMachynlleth\",\"https:\/\/x.com\/momamachynlleth\",\"https:\/\/www.instagram.com\/momamachynlleth\/\"]}]}<\/script>","yoast_head_json":{"title":"Festival Finale! - MOMA Machynlleth","description":"A celebratory mix of Welsh and Classical music","robots":{"index":"index","follow":"follow","max-snippet":"max-snippet:-1","max-image-preview":"max-image-preview:large","max-video-preview":"max-video-preview:-1"},"canonical":"https:\/\/moma.cymru\/en\/e\/festival-finale-2025\/","og_locale":"en_GB","og_type":"article","og_title":"Festival Finale! - MOMA Machynlleth","og_description":"A celebratory mix of Welsh and Classical music","og_url":"https:\/\/moma.cymru\/en\/e\/festival-finale-2025\/","og_site_name":"MOMA Machynlleth","article_publisher":"https:\/\/www.facebook.com\/MOMAMachynlleth","article_modified_time":"2025-08-04T15:28:05+00:00","og_image":[{"width":1920,"height":1080,"url":"https:\/\/cdn.moma.cymru\/wp-content\/uploads\/2025\/02\/17110103\/Rhian-Lois.jpg","type":"image\/jpeg"}],"twitter_card":"summary_large_image","twitter_site":"@momamachynlleth","twitter_misc":{"Estimated reading time":"1 minute"},"schema":{"@context":"https:\/\/schema.org","@graph":[{"@type":"WebPage","@id":"https:\/\/moma.cymru\/en\/e\/festival-finale-2025\/","url":"https:\/\/moma.cymru\/en\/e\/festival-finale-2025\/","name":"Festival Finale! - MOMA Machynlleth","isPartOf":{"@id":"https:\/\/moma.cymru\/en\/#website"},"primaryImageOfPage":{"@id":"https:\/\/moma.cymru\/en\/e\/festival-finale-2025\/#primaryimage"},"image":{"@id":"https:\/\/moma.cymru\/en\/e\/festival-finale-2025\/#primaryimage"},"thumbnailUrl":"https:\/\/cdn.moma.cymru\/wp-content\/uploads\/2025\/02\/17110103\/Rhian-Lois.jpg","datePublished":"2025-03-23T14:12:18+00:00","dateModified":"2025-08-04T15:28:05+00:00","description":"A celebratory mix of Welsh and Classical music","breadcrumb":{"@id":"https:\/\/moma.cymru\/en\/e\/festival-finale-2025\/#breadcrumb"},"inLanguage":"en-GB","potentialAction":[{"@type":"ReadAction","target":["https:\/\/moma.cymru\/en\/e\/festival-finale-2025\/"]}]},{"@type":"ImageObject","inLanguage":"en-GB","@id":"https:\/\/moma.cymru\/en\/e\/festival-finale-2025\/#primaryimage","url":"https:\/\/cdn.moma.cymru\/wp-content\/uploads\/2025\/02\/17110103\/Rhian-Lois.jpg","contentUrl":"https:\/\/cdn.moma.cymru\/wp-content\/uploads\/2025\/02\/17110103\/Rhian-Lois.jpg","width":1920,"height":1080},{"@type":"BreadcrumbList","@id":"https:\/\/moma.cymru\/en\/e\/festival-finale-2025\/#breadcrumb","itemListElement":[{"@type":"ListItem","position":1,"name":"Home","item":"https:\/\/moma.cymru\/en\/"},{"@type":"ListItem","position":2,"name":"Events","item":"https:\/\/moma.cymru\/en\/e\/"},{"@type":"ListItem","position":3,"name":"Festival Finale!"}]},{"@type":"WebSite","@id":"https:\/\/moma.cymru\/en\/#website","url":"https:\/\/moma.cymru\/en\/","name":"MOMA Machynlleth","description":"Seven exhibition galleries and a concert hall in a converted chapel","publisher":{"@id":"https:\/\/moma.cymru\/en\/#organization"},"potentialAction":[{"@type":"SearchAction","target":{"@type":"EntryPoint","urlTemplate":"https:\/\/moma.cymru\/en\/?s={search_term_string}"},"query-input":{"@type":"PropertyValueSpecification","valueRequired":true,"valueName":"search_term_string"}}],"inLanguage":"en-GB"},{"@type":"Organization","@id":"https:\/\/moma.cymru\/en\/#organization","name":"MOMA Machynlleth","url":"https:\/\/moma.cymru\/en\/","logo":{"@type":"ImageObject","inLanguage":"en-GB","@id":"https:\/\/moma.cymru\/en\/#\/schema\/logo\/image\/","url":"https:\/\/cdn.moma.cymru\/wp-content\/uploads\/2021\/03\/07101132\/donation.png","contentUrl":"https:\/\/cdn.moma.cymru\/wp-content\/uploads\/2021\/03\/07101132\/donation.png","width":1000,"height":1000,"caption":"MOMA Machynlleth"},"image":{"@id":"https:\/\/moma.cymru\/en\/#\/schema\/logo\/image\/"},"sameAs":["https:\/\/www.facebook.com\/MOMAMachynlleth","https:\/\/x.com\/momamachynlleth","https:\/\/www.instagram.com\/momamachynlleth\/"]}]}},"ticketed":["woo"],"_links":{"self":[{"href":"https:\/\/moma.cymru\/en\/wp-json\/wp\/v2\/tribe_events\/47124","targetHints":{"allow":["GET"]}}],"collection":[{"href":"https:\/\/moma.cymru\/en\/wp-json\/wp\/v2\/tribe_events"}],"about":[{"href":"https:\/\/moma.cymru\/en\/wp-json\/wp\/v2\/types\/tribe_events"}],"author":[{"embeddable":true,"href":"https:\/\/moma.cymru\/en\/wp-json\/wp\/v2\/users\/2420"}],"version-history":[{"count":7,"href":"https:\/\/moma.cymru\/en\/wp-json\/wp\/v2\/tribe_events\/47124\/revisions"}],"predecessor-version":[{"id":48943,"href":"https:\/\/moma.cymru\/en\/wp-json\/wp\/v2\/tribe_events\/47124\/revisions\/48943"}],"wp:featuredmedia":[{"embeddable":true,"href":"https:\/\/moma.cymru\/en\/wp-json\/wp\/v2\/media\/47125"}],"wp:attachment":[{"href":"https:\/\/moma.cymru\/en\/wp-json\/wp\/v2\/media?parent=47124"}],"wp:term":[{"taxonomy":"post_tag","embeddable":true,"href":"https:\/\/moma.cymru\/en\/wp-json\/wp\/v2\/tags?post=47124"},{"taxonomy":"tribe_events_cat","embeddable":true,"href":"https:\/\/moma.cymru\/en\/wp-json\/wp\/v2\/tribe_events_cat?post=47124"}],"curies":[{"name":"wp","href":"https:\/\/api.w.org\/{rel}","templated":true}]}}